{"id":3324,"date":"2024-06-25T16:31:34","date_gmt":"2024-06-25T19:31:34","guid":{"rendered":"https:\/\/biblio1.mdp.edu.ar\/centro-ventas\/?post_type=product&#038;p=3324"},"modified":"2026-03-30T15:26:47","modified_gmt":"2026-03-30T18:26:47","slug":"construyendo-memorias-desde-el-estado","status":"publish","type":"product","link":"https:\/\/biblio1.mdp.edu.ar\/centro-ventas\/producto\/construyendo-memorias-desde-el-estado\/","title":{"rendered":"Construyendo memorias desde el Estado"},"content":{"rendered":"<p><strong>Construyendo memorias desde el Estado<\/strong><br \/>\n<strong>Actores, sentidos y disputas en el surgimiento del Programa Nacional Educaci\u00f3n y Memoria<\/strong><\/p>\n<p>El libro se centra en el estudio del Programa Nacional Educaci\u00f3n y Memoria, pol\u00edtica p\u00fablica implementada en Argentina para la transmisi\u00f3n del pasado reciente en el \u00e1mbito educativo.<\/p>\n<p>Se observan los or\u00edgenes de esta pol\u00edtica (2005-2007) a fines de identificar los sentidos y las pr\u00e1cticas establecidas por el Estado y los actores que llevaron a cabo las principales l\u00edneas de acci\u00f3n del Programa. En su desarrollo se reponen las tensiones y los debates propios de los procesos de disputa y construcci\u00f3n de la memoria social del terrorismo de Estado en el pa\u00eds.<\/p>\n<p>Las conclusiones arrojadas por el an\u00e1lisis que realiza la autora permiten avanzar hacia la comprensi\u00f3n de procesos de relevancia para los modos de tramitaci\u00f3n del pasado reciente dictatorial en Argentina, en los que el rol del Estado y la conjunci\u00f3n de pr\u00e1cticas, sentidos y voluntades humanas de sus propios agentes son protagonistas.<\/p>\n<p>Partir de una mirada socio antropol\u00f3gica del Estado, permite a investigaciones -como la que aqu\u00ed se presenta- situar a las estatalidades en coordenadas hist\u00f3ricas, geogr\u00e1ficas y pol\u00edticas, y entenderlas como emergentes de la combinaci\u00f3n de discursos, pr\u00e1cticas y relaciones interpersonales, donde se entrelazan elementos normativos y estructurales con aspectos humanos y contingentes.<\/p>\n","protected":false},"excerpt":{"rendered":"<p>Construyendo memorias desde el Estado Actores, sentidos y disputas en el surgimiento del Programa Nacional Educaci\u00f3n y Memoria El libro se centra en el estudio del Programa Nacional Educaci\u00f3n y Memoria, pol\u00edtica p\u00fablica implementada en Argentina para la transmisi\u00f3n del pasado reciente en el \u00e1mbito educativo. Se observan los or\u00edgenes de esta pol\u00edtica (2005-2007) a [&hellip;]<\/p>\n","protected":false},"featured_media":3325,"template":"","meta":{"_acf_changed":false,"_eb_attr":"","_crdt_document":"","_uag_custom_page_level_css":"","_editorskit_title_hidden":false,"_editorskit_reading_time":0,"_editorskit_is_block_options_detached":false,"_editorskit_block_options_position":"{}","site-sidebar-layout":"default","site-content-layout":"","ast-site-content-layout":"default","site-content-style":"default","site-sidebar-style":"default","ast-global-header-display":"","ast-banner-title-visibility":"","ast-main-header-display":"","ast-hfb-above-header-display":"","ast-hfb-below-header-display":"","ast-hfb-mobile-header-display":"","site-post-title":"","ast-breadcrumbs-content":"","ast-featured-img":"","footer-sml-layout":"","ast-disable-related-posts":"","theme-transparent-header-meta":"default","adv-header-id-meta":"","stick-header-meta":"","header-above-stick-meta":"","header-main-stick-meta":"","header-below-stick-meta":"","astra-migrate-meta-layouts":"set","ast-page-background-enabled":"default","ast-page-background-meta":{"desktop":{"background-color":"var(--ast-global-color-4)","background-image":"","background-repeat":"repeat","background-position":"center center","background-size":"auto","background-attachment":"scroll","background-type":"","background-media":"","overlay-type":"","overlay-color":"","overlay-opacity":"","overlay-gradient":""},"tablet":{"background-color":"","background-image":"","background-repeat":"repeat","background-position":"center center","background-size":"auto","background-attachment":"scroll","background-type":"","background-media":"","overlay-type":"","overlay-color":"","overlay-opacity":"","overlay-gradient":""},"mobile":{"background-color":"","background-image":"","background-repeat":"repeat","background-position":"center center","background-size":"auto","background-attachment":"scroll","background-type":"","background-media":"","overlay-type":"","overlay-color":"","overlay-opacity":"","overlay-gradient":""}},"ast-content-background-meta":{"desktop":{"background-color":"var(--ast-global-color-5)","background-image":"","background-repeat":"repeat","background-position":"center center","background-size":"auto","background-attachment":"scroll","background-type":"","background-media":"","overlay-type":"","overlay-color":"","overlay-opacity":"","overlay-gradient":""},"tablet":{"background-color":"var(--ast-global-color-5)","background-image":"","background-repeat":"repeat","background-position":"center center","background-size":"auto","background-attachment":"scroll","background-type":"","background-media":"","overlay-type":"","overlay-color":"","overlay-opacity":"","overlay-gradient":""},"mobile":{"background-color":"var(--ast-global-color-5)","background-image":"","background-repeat":"repeat","background-position":"center center","background-size":"auto","background-attachment":"scroll","background-type":"","background-media":"","overlay-type":"","overlay-color":"","overlay-opacity":"","overlay-gradient":""}}},"product_cat":[32,28],"product_tag":[371,394],"class_list":{"0":"post-3324","1":"product","2":"type-product","3":"status-publish","4":"has-post-thumbnail","6":"product_cat-edudem","7":"product_cat-libro","8":"product_tag-derechos-humanos","9":"product_tag-sociologia","10":"desktop-align-left","11":"tablet-align-left","12":"mobile-align-left","14":"first","15":"instock","16":"shipping-taxable","17":"purchasable","18":"product-type-simple"},"acf":[],"uagb_featured_image_src":{"full":["https:\/\/biblio1.mdp.edu.ar\/centro-ventas\/wp-content\/uploads\/sites\/2\/2024\/06\/Construyendo-memorias-scaled.jpg",1625,2560,false],"thumbnail":["https:\/\/biblio1.mdp.edu.ar\/centro-ventas\/wp-content\/uploads\/sites\/2\/2024\/06\/Construyendo-memorias-150x150.jpg",150,150,true],"medium":["https:\/\/biblio1.mdp.edu.ar\/centro-ventas\/wp-content\/uploads\/sites\/2\/2024\/06\/Construyendo-memorias-190x300.jpg",190,300,true],"medium_large":["https:\/\/biblio1.mdp.edu.ar\/centro-ventas\/wp-content\/uploads\/sites\/2\/2024\/06\/Construyendo-memorias-768x1210.jpg",768,1210,true],"large":["https:\/\/biblio1.mdp.edu.ar\/centro-ventas\/wp-content\/uploads\/sites\/2\/2024\/06\/Construyendo-memorias-650x1024.jpg",650,1024,true],"1536x1536":["https:\/\/biblio1.mdp.edu.ar\/centro-ventas\/wp-content\/uploads\/sites\/2\/2024\/06\/Construyendo-memorias-975x1536.jpg",975,1536,true],"2048x2048":["https:\/\/biblio1.mdp.edu.ar\/centro-ventas\/wp-content\/uploads\/sites\/2\/2024\/06\/Construyendo-memorias-1300x2048.jpg",1300,2048,true],"woocommerce_thumbnail":["https:\/\/biblio1.mdp.edu.ar\/centro-ventas\/wp-content\/uploads\/sites\/2\/2024\/06\/Construyendo-memorias-300x473.jpg",300,473,true],"woocommerce_single":["https:\/\/biblio1.mdp.edu.ar\/centro-ventas\/wp-content\/uploads\/sites\/2\/2024\/06\/Construyendo-memorias-600x945.jpg",600,945,true],"woocommerce_gallery_thumbnail":["https:\/\/biblio1.mdp.edu.ar\/centro-ventas\/wp-content\/uploads\/sites\/2\/2024\/06\/Construyendo-memorias-100x100.jpg",100,100,true]},"uagb_author_info":{"display_name":"Cristina Bernabe","author_link":"https:\/\/biblio1.mdp.edu.ar\/centro-ventas\/author\/"},"uagb_comment_info":0,"uagb_excerpt":"Construyendo memorias desde el Estado Actores, sentidos y disputas en el surgimiento del Programa Nacional Educaci\u00f3n y Memoria El libro se centra en el estudio del Programa Nacional Educaci\u00f3n y Memoria, pol\u00edtica p\u00fablica implementada en Argentina para la transmisi\u00f3n del pasado reciente en el \u00e1mbito educativo. Se observan los or\u00edgenes de esta pol\u00edtica (2005-2007) a&hellip;","_links":{"self":[{"href":"https:\/\/biblio1.mdp.edu.ar\/centro-ventas\/wp-json\/wp\/v2\/product\/3324","targetHints":{"allow":["GET"]}}],"collection":[{"href":"https:\/\/biblio1.mdp.edu.ar\/centro-ventas\/wp-json\/wp\/v2\/product"}],"about":[{"href":"https:\/\/biblio1.mdp.edu.ar\/centro-ventas\/wp-json\/wp\/v2\/types\/product"}],"wp:featuredmedia":[{"embeddable":true,"href":"https:\/\/biblio1.mdp.edu.ar\/centro-ventas\/wp-json\/wp\/v2\/media\/3325"}],"wp:attachment":[{"href":"https:\/\/biblio1.mdp.edu.ar\/centro-ventas\/wp-json\/wp\/v2\/media?parent=3324"}],"wp:term":[{"taxonomy":"product_cat","embeddable":true,"href":"https:\/\/biblio1.mdp.edu.ar\/centro-ventas\/wp-json\/wp\/v2\/product_cat?post=3324"},{"taxonomy":"product_tag","embeddable":true,"href":"https:\/\/biblio1.mdp.edu.ar\/centro-ventas\/wp-json\/wp\/v2\/product_tag?post=3324"}],"curies":[{"name":"wp","href":"https:\/\/api.w.org\/{rel}","templated":true}]}}